{"id":97627,"date":"2026-05-01T11:02:23","date_gmt":"2026-05-01T11:02:23","guid":{"rendered":"https:\/\/ekena.de\/?post_type=product&#038;p=97627"},"modified":"2026-05-01T12:56:09","modified_gmt":"2026-05-01T12:56:09","slug":"lokja-karamell-glasur-dessert-topping-500-g","status":"publish","type":"product","link":"https:\/\/ekena.de\/sq\/produkt\/lokja-karamell-glasur-dessert-topping-500-g\/","title":{"rendered":"Lokja Karamell Glasur (Dessert-Topping) \u2013 500 g"},"content":{"rendered":"<h2 data-section-id=\"1qo2qxp\" data-start=\"103\" data-end=\"153\">Lokja Karamell Glasur (Dessert-Topping) \u2013 500 g<\/h2>\n<p data-start=\"155\" data-end=\"411\">Feine Karamell-Glasur zum Verfeinern von Desserts, Kuchen und Geb\u00e4ck. Die s\u00fc\u00dfe, streichf\u00e4hige Konsistenz eignet sich ideal als Topping f\u00fcr Trilece, Torten, Pancakes, Eis oder andere S\u00fc\u00dfspeisen. Gebrauchsfertig und praktisch im wiederverschlie\u00dfbaren Becher.<\/p>\n<h3 data-section-id=\"13mqotj\" data-start=\"413\" data-end=\"431\">Produktdetails<\/h3>\n<ul data-start=\"432\" data-end=\"618\">\n<li data-section-id=\"rtm99f\" data-start=\"432\" data-end=\"486\"><strong data-start=\"434\" data-end=\"450\">Bezeichnung:<\/strong> Karamell-Glasur \/ Dessert-Topping<\/li>\n<li data-section-id=\"18pp7mi\" data-start=\"487\" data-end=\"516\"><strong data-start=\"489\" data-end=\"508\">Nettof\u00fcllmenge:<\/strong> 500 g<\/li>\n<li data-section-id=\"wr0tkx\" data-start=\"517\" data-end=\"537\"><strong data-start=\"519\" data-end=\"529\">Marke:<\/strong> Lokja<\/li>\n<li data-section-id=\"9uf7ty\" data-start=\"538\" data-end=\"570\"><strong data-start=\"540\" data-end=\"561\">Herstellungsland:<\/strong> Kosovo<\/li>\n<li data-section-id=\"1mwm1k2\" data-start=\"571\" data-end=\"618\"><strong data-start=\"573\" data-end=\"588\">Verpackung:<\/strong> Kunststoffbecher mit Deckel<\/li>\n<\/ul>\n<h3 data-section-id=\"lyj1fn\" data-start=\"620\" data-end=\"634\">Verwendung<\/h3>\n<p data-start=\"635\" data-end=\"645\">Ideal zum:<\/p>\n<ul data-start=\"646\" data-end=\"769\">\n<li data-section-id=\"r6f9mc\" data-start=\"646\" data-end=\"682\">\u00dcberziehen von Kuchen und Torten<\/li>\n<li data-section-id=\"qjnatn\" data-start=\"683\" data-end=\"726\">Verfeinern von Desserts (z. B. Trilece)<\/li>\n<li data-section-id=\"x43vt1\" data-start=\"727\" data-end=\"769\">Topping f\u00fcr Eis, Pancakes oder Waffeln<\/li>\n<\/ul>\n<h3 data-section-id=\"9k7esj\" data-start=\"771\" data-end=\"782\">Zutaten<\/h3>\n<p data-start=\"783\" data-end=\"984\">Glukosesirup, Wasser, Zucker, Geliermittel <strong data-start=\"826\" data-end=\"841\">Agar (E406)<\/strong>, S\u00e4uerungsmittel <strong data-start=\"859\" data-end=\"883\">Citronens\u00e4ure (E330)<\/strong>, Konservierungsstoff <strong data-start=\"905\" data-end=\"928\">Kaliumsorbat (E202)<\/strong>, Farbstoffe <strong data-start=\"941\" data-end=\"968\">E150d, E124, E110, E102<\/strong>, Karamellaroma.<\/p>\n<h3 data-section-id=\"1tkwfkp\" data-start=\"986\" data-end=\"999\">Alergjen\u00eb:<\/h3>\n<p data-start=\"1000\" data-end=\"1075\">Keine deklarationspflichtigen Allergene enthalten.<br data-start=\"1050\" data-end=\"1053\" \/>Kann Spuren enthalten.<\/p>\n<p data-start=\"1077\" data-end=\"1201\"><strong data-start=\"1077\" data-end=\"1089\">Hinweis:<\/strong> Enth\u00e4lt Farbstoffe (E102, E110, E124), die die Aktivit\u00e4t und Aufmerksamkeit bei Kindern beeintr\u00e4chtigen k\u00f6nnen.<\/p>\n<h3 data-section-id=\"dlytx8\" data-start=\"1203\" data-end=\"1226\">N\u00e4hrwerte pro 100 g<\/h3>\n<ul data-start=\"1227\" data-end=\"1407\">\n<li data-section-id=\"1xvkm42\" data-start=\"1227\" data-end=\"1258\">Energie: 1632 kJ \/ 390 kcal<\/li>\n<li data-section-id=\"ny22nk\" data-start=\"1259\" data-end=\"1316\">Fett: 8,13 g\n<ul data-start=\"1278\" data-end=\"1316\">\n<li data-section-id=\"y736an\" data-start=\"1278\" data-end=\"1316\">davon ges\u00e4ttigte Fetts\u00e4uren: 2,4 g<\/li>\n<\/ul>\n<\/li>\n<li data-section-id=\"1m4yda1\" data-start=\"1317\" data-end=\"1371\">Kohlenhydrate: 75,15 g\n<ul data-start=\"1346\" data-end=\"1371\">\n<li data-section-id=\"1e70h1x\" data-start=\"1346\" data-end=\"1371\">davon Zucker: 69,23 g<\/li>\n<\/ul>\n<\/li>\n<li data-section-id=\"55dole\" data-start=\"1372\" data-end=\"1390\">Eiwei\u00df: 4,07 g<\/li>\n<li data-section-id=\"om7uzs\" data-start=\"1391\" data-end=\"1407\">Salz: 0,05 g<\/li>\n<\/ul>\n<h3 data-section-id=\"ci5c5j\" data-start=\"1409\" data-end=\"1421\">Lagerung<\/h3>\n<p data-start=\"1422\" data-end=\"1514\">K\u00fchl und trocken lagern. Nach dem \u00d6ffnen im K\u00fchlschrank aufbewahren und zeitnah verbrauchen.<\/p>\n<h3 data-section-id=\"1v2anw9\" data-start=\"1516\" data-end=\"1538\">Mindesthaltbarkeit<\/h3>\n<p data-start=\"1539\" data-end=\"1579\">Mindestens haltbar bis: siehe Verpackung<\/p>\n<h3 data-section-id=\"1v2anw9\" data-start=\"1516\" data-end=\"1538\">Importeur:<\/h3>\n<p data-start=\"1539\" data-end=\"1579\">4U Foods GmbH<\/p>\n<p data-start=\"1539\" data-end=\"1579\">Hochmeisterstra\u00dfe 11<\/p>\n<p data-start=\"1539\" data-end=\"1579\">53757 Sankt Augustin<\/p>\n<p data-start=\"1539\" data-end=\"1579\">email: info@4u-foods.de<\/p>\n<h3 data-section-id=\"9f805o\" data-start=\"1581\" data-end=\"1595\"><\/h3>","protected":false},"excerpt":{"rendered":"<p>Lokja Karamell Glasur (Dessert-Topping) \u2013 500 g Feine Karamell-Glasur zum Verfeinern von Desserts, Kuchen und Geb\u00e4ck. Die s\u00fc\u00dfe, streichf\u00e4hige Konsistenz eignet sich ideal als Topping f\u00fcr Trilece, Torten, Pancakes, Eis oder andere S\u00fc\u00dfspeisen. Gebrauchsfertig und praktisch im wiederverschlie\u00dfbaren Becher. Produktdetails Bezeichnung: Karamell-Glasur \/ Dessert-Topping Nettof\u00fcllmenge: 500 g Marke: Lokja Herstellungsland: Kosovo Verpackung: Kunststoffbecher mit Deckel [&hellip;]<\/p>\n","protected":false},"featured_media":97555,"template":"","meta":{"slim_seo":{"title":"Lokja Karamell Glasur (Dessert-Topping) \u2013 500 g - Ekena","description":"Lokja Karamell Glasur (Dessert-Topping) \u2013 500 g Feine Karamell-Glasur zum Verfeinern von Desserts, Kuchen und Geb\u00e4ck. Die s\u00fc\u00dfe, streichf\u00e4hige Konsistenz eignet"}},"product_brand":[],"product_cat":[15],"product_tag":[],"class_list":{"0":"post-97627","1":"product","2":"type-product","3":"status-publish","4":"has-post-thumbnail","6":"product_cat-andere","8":"first","9":"instock","10":"taxable","11":"shipping-taxable","12":"purchasable","13":"product-type-simple"},"_links":{"self":[{"href":"https:\/\/ekena.de\/sq\/wp-json\/wp\/v2\/product\/97627","targetHints":{"allow":["GET"]}}],"collection":[{"href":"https:\/\/ekena.de\/sq\/wp-json\/wp\/v2\/product"}],"about":[{"href":"https:\/\/ekena.de\/sq\/wp-json\/wp\/v2\/types\/product"}],"version-history":[{"count":4,"href":"https:\/\/ekena.de\/sq\/wp-json\/wp\/v2\/product\/97627\/revisions"}],"predecessor-version":[{"id":97631,"href":"https:\/\/ekena.de\/sq\/wp-json\/wp\/v2\/product\/97627\/revisions\/97631"}],"wp:featuredmedia":[{"embeddable":true,"href":"https:\/\/ekena.de\/sq\/wp-json\/wp\/v2\/media\/97555"}],"wp:attachment":[{"href":"https:\/\/ekena.de\/sq\/wp-json\/wp\/v2\/media?parent=97627"}],"wp:term":[{"taxonomy":"product_brand","embeddable":true,"href":"https:\/\/ekena.de\/sq\/wp-json\/wp\/v2\/product_brand?post=97627"},{"taxonomy":"product_cat","embeddable":true,"href":"https:\/\/ekena.de\/sq\/wp-json\/wp\/v2\/product_cat?post=97627"},{"taxonomy":"product_tag","embeddable":true,"href":"https:\/\/ekena.de\/sq\/wp-json\/wp\/v2\/product_tag?post=97627"}],"curies":[{"name":"wp","href":"https:\/\/api.w.org\/{rel}","templated":true}]}}